{"id":88,"date":"2023-12-09T13:25:58","date_gmt":"2023-12-09T13:25:58","guid":{"rendered":"https:\/\/flensburg.fau.org\/?page_id=88"},"modified":"2023-12-23T12:27:31","modified_gmt":"2023-12-23T12:27:31","slug":"datenschutz","status":"publish","type":"page","link":"https:\/\/flensburg.fau.org\/?page_id=88","title":{"rendered":"Datenschutz"},"content":{"rendered":"\n<h1 class=\"wp-block-heading\">Datenschutzerkl\u00e4rung<\/h1>\n\n\n\n<p>Verantwortliche Stelle im Sinne der Datenschutzgesetze, insbesondere der EU-Datenschutzgrundverordnung (DSGVO), ist:<\/p>\n\n\n\n<p>FAU Flensburg<\/p>\n\n\n\n<h2 class=\"wp-block-heading\">Ihre Betroffenenrechte<\/h2>\n\n\n\n<p>Unter den angegebenen Kontaktdaten unseres Datenschutzbeauftragten k\u00f6nnen Sie jederzeit folgende Rechte aus\u00fcben:<\/p>\n\n\n\n<ul class=\"wp-block-list\">\n<li>Auskunft \u00fcber Ihre bei uns gespeicherten Daten und deren Verarbeitung (Art. 15 DSGVO),<\/li>\n\n\n\n<li>Berichtigung unrichtiger personenbezogener Daten (Art. 16 DSGVO),<\/li>\n\n\n\n<li>L\u00f6schung Ihrer bei uns gespeicherten Daten (Art. 17 DSGVO),<\/li>\n\n\n\n<li>Einschr\u00e4nkung der Datenverarbeitung, sofern wir Ihre Daten aufgrund gesetzlicher Pflichten noch nicht l\u00f6schen d\u00fcrfen (Art. 18 DSGVO),<\/li>\n\n\n\n<li>Widerspruch gegen die Verarbeitung Ihrer Daten bei uns (Art. 21 DSGVO) und<\/li>\n\n\n\n<li>Daten\u00fcbertragbarkeit, sofern Sie in die Datenverarbeitung eingewilligt haben oder einen Vertrag mit uns abgeschlossen haben (Art. 20 DSGVO).<\/li>\n<\/ul>\n\n\n\n<p>Sofern Sie uns eine Einwilligung erteilt haben, k\u00f6nnen Sie diese jederzeit mit Wirkung f\u00fcr die Zukunft widerrufen.<\/p>\n\n\n\n<p>Sie k\u00f6nnen sich jederzeit mit einer Beschwerde an eine Aufsichtsbeh\u00f6rde wenden, z. B. an die zust\u00e4ndige Aufsichtsbeh\u00f6rde des Bundeslands Ihres Wohnsitzes oder an die f\u00fcr uns als verantwortliche Stelle zust\u00e4ndige Beh\u00f6rde.<\/p>\n\n\n\n<p>Eine Liste der Aufsichtsbeh\u00f6rden (f\u00fcr den nicht\u00f6ffentlichen Bereich) mit Anschrift finden Sie unter: <a href=\"https:\/\/www.bfdi.bund.de\/DE\/Infothek\/Anschriften_Links\/anschriften_links-node.html\" target=\"_blank\" rel=\"noreferrer noopener\">https:\/\/www.bfdi.bund.de\/DE\/Infothek\/Anschriften_Links\/anschriften_links-node.html<\/a>.<\/p>\n\n\n\n<h2 class=\"wp-block-heading\">Erfassung allgemeiner Informationen beim Besuch unserer Website<\/h2>\n\n\n\n<h3 class=\"wp-block-heading\">Art und Zweck der Verarbeitung:<\/h3>\n\n\n\n<p>Wenn Sie auf unsere Website zugreifen, d.h., wenn Sie sich nicht registrieren oder anderweitig Informationen \u00fcbermitteln, werden automatisch Informationen allgemeiner Natur erfasst. Diese Informationen (Server-Logfiles) beinhalten etwa die Art des Webbrowsers, das verwendete Betriebssystem, den Domainnamen Ihres Internet-Service-Providers, Ihre IP-Adresse und \u00e4hnliches. Hierbei handelt es sich ausschlie\u00dflich um Informationen, welche keine R\u00fcckschl\u00fcsse auf Ihre Person zulassen.<\/p>\n\n\n\n<p>Sie werden insbesondere zu folgenden Zwecken verarbeitet:<\/p>\n\n\n\n<ul class=\"wp-block-list\">\n<li>Sicherstellung eines problemlosen Verbindungsaufbaus der Website,<\/li>\n\n\n\n<li>Sicherstellung einer reibungslosen Nutzung unserer Website,<\/li>\n\n\n\n<li>Auswertung der Systemsicherheit und -stabilit\u00e4t sowie<\/li>\n\n\n\n<li>zu weiteren administrativen Zwecken.<\/li>\n<\/ul>\n\n\n\n<p>Wir verwenden Ihre Daten nicht, um R\u00fcckschl\u00fcsse auf Ihre Person zu ziehen. Informationen dieser Art werden von uns ggfs. statistisch ausgewertet, um unseren Internetauftritt und die dahinterstehende Technik zu optimieren.<\/p>\n\n\n\n<h3 class=\"wp-block-heading\">Rechtsgrundlage:<\/h3>\n\n\n\n<p>Die Verarbeitung erfolgt gem\u00e4\u00df Art. 6 Abs. 1 lit. f DSGVO auf Basis unseres berechtigten Interesses an der Verbesserung der Stabilit\u00e4t und Funktionalit\u00e4t unserer Website.<\/p>\n\n\n\n<h3 class=\"wp-block-heading\">Empf\u00e4nger:<\/h3>\n\n\n\n<p>Empf\u00e4nger der Daten sind ggf. technische Dienstleister, die f\u00fcr den Betrieb und die Wartung unserer Webseite als Auftragsverarbeiter t\u00e4tig werden.<\/p>\n\n\n\n<h3 class=\"wp-block-heading\">Speicherdauer:<\/h3>\n\n\n\n<p>Die Daten werden gel\u00f6scht, sobald diese f\u00fcr den Zweck der Erhebung nicht mehr erforderlich sind. Dies ist f\u00fcr die Daten, die der Bereitstellung der Webseite dienen, grunds\u00e4tzlich der Fall, wenn die jeweilige Sitzung beendet ist.<\/p>\n\n\n\n<h3 class=\"wp-block-heading\">Bereitstellung vorgeschrieben oder erforderlich:<\/h3>\n\n\n\n<p>Die Bereitstellung der vorgenannten personenbezogenen Daten ist weder gesetzlich noch vertraglich vorgeschrieben. Ohne die IP-Adresse ist jedoch der Dienst und die Funktionsf\u00e4higkeit unserer Website nicht gew\u00e4hrleistet. Zudem k\u00f6nnen einzelne Dienste und Services nicht verf\u00fcgbar oder eingeschr\u00e4nkt sein. Aus diesem Grund ist ein Widerspruch ausgeschlossen.<\/p>\n\n\n\n<h2 class=\"wp-block-heading\">Kontaktformular<\/h2>\n\n\n\n<h3 class=\"wp-block-heading\">Art und Zweck der Verarbeitung:<\/h3>\n\n\n\n<p>Die von Ihnen eingegebenen Daten werden zum Zweck der individuellen Kommunikation mit Ihnen gespeichert. Hierf\u00fcr ist die Angabe einer validen E-Mail-Adresse sowie Ihres Namens erforderlich. Diese dient der Zuordnung der Anfrage und der anschlie\u00dfenden Beantwortung derselben. Die Angabe weiterer Daten ist optional.<\/p>\n\n\n\n<h3 class=\"wp-block-heading\">Rechtsgrundlage:<\/h3>\n\n\n\n<p>Die Verarbeitung der in das Kontaktformular eingegebenen Daten erfolgt auf der Grundlage eines berechtigten Interesses (Art 6 Abs. 1 lit. f DSGVO).<\/p>\n\n\n\n<p>Durch Bereitstellung des Kontaktformulars m\u00f6chten wir Ihnen eine unkomplizierte Kontaktaufnahme erm\u00f6glichen. Ihre gemachten Angaben werden zum Zwecke der Bearbeitung der Anfrage sowie f\u00fcr m\u00f6gliche Anschlussfragen gespeichert.<\/p>\n\n\n\n<p>Sofern Sie mit uns Kontakt aufnehmen, um ein Angebot zu erfragen, erfolgt die Verarbeitung der in das Kontaktformular eingegebenen Daten zur Durchf\u00fchrung vorvertraglicher Ma\u00dfnahmen (Art 6 Abs. 1 lit. b DSGVO).<\/p>\n\n\n\n<h3 class=\"wp-block-heading\">Empf\u00e4nger:<\/h3>\n\n\n\n<p>Empf\u00e4nger der Daten sind ggf. Auftragsverarbeiter.<\/p>\n\n\n\n<h3 class=\"wp-block-heading\">Speicherdauer:<\/h3>\n\n\n\n<p>Daten werden sp\u00e4testens 6 Monate nach Bearbeitung der Anfrage gel\u00f6scht.<\/p>\n\n\n\n<p>Sofern es zu einem Vertragsverh\u00e4ltnis kommt, unterliegen wir den gesetzlichen Aufbewahrungsfristen nach HGB und l\u00f6schen Ihre Daten nach Ablauf dieser Fristen.<\/p>\n\n\n\n<h3 class=\"wp-block-heading\">Bereitstellung vorgeschrieben oder erforderlich:<\/h3>\n\n\n\n<p>Die Bereitstellung Ihrer personenbezogenen Daten erfolgt freiwillig. Wir k\u00f6nnen Ihre Anfrage jedoch nur bearbeiten, sofern Sie uns Ihren Namen, Ihre E-Mail-Adresse und den Grund der Anfrage mitteilen.<\/p>\n\n\n\n<h2 class=\"wp-block-heading\">Eingebettete YouTube-Videos<\/h2>\n\n\n\n<h3 class=\"wp-block-heading\">Art und Zweck der Verarbeitung:<\/h3>\n\n\n\n<p>Auf einigen unserer Webseiten betten wir YouTube-Videos ein. Betreiber der entsprechenden Plugins ist die YouTube, LLC, 901 Cherry Ave., San Bruno, CA 94066, USA (nachfolgend \u201eYouTube\u201c). Wenn Sie eine Seite mit dem YouTube-Plugin besuchen, wird eine Verbindung zu Servern von YouTube hergestellt. Dabei wird YouTube mitgeteilt, welche Seiten Sie besuchen. Wenn Sie in Ihrem YouTube-Account eingeloggt sind, kann YouTube Ihr Surfverhalten Ihnen pers\u00f6nlich zuzuordnen. Dies verhindern Sie, indem Sie sich vorher aus Ihrem YouTube-Account ausloggen.<\/p>\n\n\n\n<p>Wird ein YouTube-Video gestartet, setzt der Anbieter Cookies ein, die Hinweise \u00fcber das Nutzerverhalten sammeln.<\/p>\n\n\n\n<p>Weitere Informationen zu Zweck und Umfang der Datenerhebung und ihrer Verarbeitung durch YouTube erhalten Sie in den Datenschutzerkl\u00e4rungen des Anbieters, Dort erhalten Sie auch weitere Informationen zu Ihren diesbez\u00fcglichen Rechten und Einstellungsm\u00f6glichkeiten zum Schutze Ihrer Privatsph\u00e4re (<a href=\"https:\/\/policies.google.com\/privacy\">https:\/\/policies.google.com\/privacy<\/a>). Google verarbeitet Ihre Daten in den USA und hat sich dem EU-US Privacy Shield unterworfen https:\/\/www.privacyshield.gov\/EU-US-Framework<\/p>\n\n\n\n<h3 class=\"wp-block-heading\">Rechtsgrundlage:<\/h3>\n\n\n\n<p>Rechtsgrundlage f\u00fcr die Einbindung von YouTube und dem damit verbundenen Datentransfer zu Google ist Ihre Einwilligung (Art. 6 Abs. 1 lit. a DSGVO).<\/p>\n\n\n\n<h3 class=\"wp-block-heading\">Empf\u00e4nger:<\/h3>\n\n\n\n<p>Der Aufruf von YouTube l\u00f6st automatisch eine Verbindung zu Google aus.<\/p>\n\n\n\n<h3 class=\"wp-block-heading\">Speicherdauer und Widerruf der Einwilligung:<\/h3>\n\n\n\n<p>Wer das Speichern von Cookies f\u00fcr das Google-Ad-Programm deaktiviert hat, wird auch beim Anschauen von YouTube-Videos mit keinen solchen Cookies rechnen m\u00fcssen. YouTube legt aber auch in anderen Cookies nicht-personenbezogene Nutzungsinformationen ab. M\u00f6chten Sie dies verhindern, so m\u00fcssen Sie das Speichern von Cookies im Browser blockieren.<\/p>\n\n\n\n<p>Weitere Informationen zum Datenschutz bei \u201eYouTube\u201c finden Sie in der Datenschutzerkl\u00e4rung des Anbieters unter: <a href=\"https:\/\/www.google.de\/intl\/de\/policies\/privacy\/\">https:\/\/www.google.de\/intl\/de\/policies\/privacy\/<\/a><\/p>\n\n\n\n<h3 class=\"wp-block-heading\">Drittlandtransfer:<\/h3>\n\n\n\n<p>Google verarbeitet Ihre Daten in den USA und hat sich dem EU_US Privacy Shield unterworfen <a href=\"https:\/\/www.privacyshield.gov\/EU-US-Framework\">https:\/\/www.privacyshield.gov\/EU-US-Framework<\/a>.<\/p>\n\n\n\n<h2 class=\"wp-block-heading\">Facebook<\/h2>\n\n\n\n<p>Zur Bewerbung unserer Produkte und Leistungen sowie zur Kommunikation mit Interessenten oder Kunden betreiben wir eine Firmenpr\u00e4senz auf der Plattform Facebook.<\/p>\n\n\n\n<p>Auf dieser Social-Media-Plattform sind wir gemeinsam mit der Meta Platforms Ireland Limited, 4 Grand Canal Square, Dublin 2, Irland, verantwortlich.<\/p>\n\n\n\n<p>Der Datenschutzbeauftragte von Facebook kann \u00fcber ein Kontaktformular erreicht werden:<\/p>\n\n\n\n<p><a href=\"https:\/\/www.facebook.com\/help\/contact\/540977946302970\" target=\"_blank\" rel=\"noreferrer noopener\">https:\/\/www.facebook.com\/help\/contact\/540977946302970<\/a><\/p>\n\n\n\n<p>Die gemeinsame Verantwortlichkeit haben wir in einer Vereinbarung bez\u00fcglich der jeweiligen Verpflichtungen im Sinne der DSGVO geregelt. Diese Vereinbarung, aus der sich die gegenseitigen Verpflichtungen ergeben, ist unter dem folgenden Link abrufbar:<\/p>\n\n\n\n<p><a href=\"https:\/\/www.facebook.com\/legal\/terms\/page_controller_addendum\" target=\"_blank\" rel=\"noreferrer noopener\">https:\/\/www.facebook.com\/legal\/terms\/page_controller_addendum<\/a><\/p>\n\n\n\n<p>Rechtsgrundlage f\u00fcr die dadurch erfolgende und nachfolgend wiedergegebene Verarbeitung von personenbezogenen Daten ist Art. 6 Abs. 1 lit. f DSGVO. Unser berechtigtes Interesse besteht an der Analyse, der Kommunikation sowie dem Absatz und der Bewerbung unserer Produkte und Leistungen.<\/p>\n\n\n\n<p>Rechtsgrundlage kann auch eine Einwilligung des Nutzers gem\u00e4\u00df Art. 6 Abs. 1 lit. a DSGVO gegen\u00fcber dem Plattformbetreiber sein. Die Einwilligung hierzu kann der Nutzer nach Art. 7 Abs. 3 DSGVO jederzeit durch eine Mitteilung an den Plattformbetreiber f\u00fcr die Zukunft widerrufen.<\/p>\n\n\n\n<p>Bei dem Aufruf unseres Onlineauftritts auf der Plattform Facebook werden von der Facebook Ireland Ltd. als Betreiberin der Plattform in der EU Daten des Nutzers (z.B. pers\u00f6nliche Informationen, IP-Adresse etc.) verarbeitet.<\/p>\n\n\n\n<p>Diese Daten des Nutzers dienen zu statistischen Informationen \u00fcber die Inanspruchnahme unserer Firmenpr\u00e4senz auf Facebook. Die Facebook Ireland Ltd. nutzt diese Daten zu Marktforschungs- und Werbezwecken sowie zur Erstellung von Profilen der Nutzer. Anhand dieser Profile ist es der Facebook Ireland Ltd. beispielsweise m\u00f6glich, die Nutzer innerhalb und au\u00dferhalb von Facebook interessenbezogen zu bewerben. Ist der Nutzer zum Zeitpunkt des Aufrufes in seinem Account auf Facebook eingeloggt, kann die Facebook Ireland Ltd. zudem die Daten mit dem jeweiligen Nutzerkonto verkn\u00fcpfen.<\/p>\n\n\n\n<p>Im Falle einer Kontaktaufnahme des Nutzers \u00fcber Facebook werden die bei dieser Gelegenheit eingegebenen personenbezogenen Daten des Nutzers zur Bearbeitung der Anfrage genutzt. Die Daten des Nutzers werden bei uns gel\u00f6scht, sofern die Anfrage des Nutzers abschlie\u00dfend beantwortet wurde und keine gesetzlichen Aufbewahrungspflichten, wie z.B. bei einer anschlie\u00dfenden Vertragsabwicklung, entgegenstehen.<\/p>\n\n\n\n<p>Zur Verarbeitung der Daten werden von der Facebook Ireland Ltd. ggf. auch Cookies gesetzt.<\/p>\n\n\n\n<p>Sollte der Nutzer mit dieser Verarbeitung nicht einverstanden sein, so besteht die M\u00f6glichkeit, die Installation der Cookies durch eine entsprechende Einstellung des Browsers zu verhindern. Bereits gespeicherte Cookies k\u00f6nnen ebenfalls jederzeit gel\u00f6scht werden. Die Einstellungen hierzu sind vom jeweiligen Browser abh\u00e4ngig. Bei Flash-Cookies l\u00e4sst sich die Verarbeitung nicht \u00fcber die Einstellungen des Browsers unterbinden, sondern durch die entsprechende Einstellung des Flash-Players. Sollte der Nutzer die Installation der Cookies verhindern oder einschr\u00e4nken, kann dies dazu f\u00fchren, dass nicht s\u00e4mtliche Funktionen von Facebook vollumf\u00e4nglich nutzbar sind.<\/p>\n\n\n\n<p>N\u00e4heres zu den Verarbeitungst\u00e4tigkeiten, deren Unterbindung und zur L\u00f6schung der von Facebook verarbeiteten Daten finden sich in der Datenrichtlinie von Facebook:<\/p>\n\n\n\n<p><a href=\"https:\/\/www.facebook.com\/privacy\/explanation\" target=\"_blank\" rel=\"noreferrer noopener\">https:\/\/www.facebook.com\/privacy\/explanation<\/a><\/p>\n\n\n\n<p>Es ist nicht ausgeschlossen, dass die Verarbeitung durch die Meta Platforms Ireland Limited auch \u00fcber die Meta Platforms, Inc., 1601 Willow Road, Menlo Park, California 94025 in den USA erfolgt.<\/p>\n\n\n\n<h3 class=\"wp-block-heading\">Bereitstellung vorgeschrieben oder erforderlich:<\/h3>\n\n\n\n<p>Die Bereitstellung Ihrer personenbezogenen Daten erfolgt freiwillig, allein auf Basis Ihrer Einwilligung. Sofern Sie den Zugriff unterbinden, kann es hierdurch zu Funktionseinschr\u00e4nkungen auf der Website kommen.<\/p>\n\n\n\n<h2 class=\"wp-block-heading\">\u00c4nderung unserer Datenschutzbestimmungen<\/h2>\n\n\n\n<p>Wir behalten uns vor, diese Datenschutzerkl\u00e4rung anzupassen, damit sie stets den aktuellen rechtlichen Anforderungen entspricht oder um \u00c4nderungen unserer Leistungen in der Datenschutzerkl\u00e4rung umzusetzen, z.B. bei der Einf\u00fchrung neuer Services. F\u00fcr Ihren erneuten Besuch gilt dann die neue Datenschutzerkl\u00e4rung.<\/p>\n\n\n\n<h2 class=\"wp-block-heading\">Fragen an den Datenschutzbeauftragten<\/h2>\n\n\n\n<p>Wenn Sie Fragen zum Datenschutz haben, schreiben Sie uns bitte eine E-Mail an.<\/p>\n","protected":false},"excerpt":{"rendered":"<p>Datenschutzerkl\u00e4rung Verantwortliche Stelle im Sinne der Datenschutzgesetze, insbesondere der EU-Datenschutzgrundverordnung (DSGVO), ist: FAU Flensburg Ihre Betroffenenrechte Unter den angegebenen Kontaktdaten<\/p>\n","protected":false},"author":1,"featured_media":0,"parent":0,"menu_order":0,"comment_status":"closed","ping_status":"closed","template":"","meta":{"footnotes":""},"class_list":["post-88","page","type-page","status-publish","hentry"],"_links":{"self":[{"href":"https:\/\/flensburg.fau.org\/index.php?rest_route=\/wp\/v2\/pages\/88","targetHints":{"allow":["GET"]}}],"collection":[{"href":"https:\/\/flensburg.fau.org\/index.php?rest_route=\/wp\/v2\/pages"}],"about":[{"href":"https:\/\/flensburg.fau.org\/index.php?rest_route=\/wp\/v2\/types\/page"}],"author":[{"embeddable":true,"href":"https:\/\/flensburg.fau.org\/index.php?rest_route=\/wp\/v2\/users\/1"}],"replies":[{"embeddable":true,"href":"https:\/\/flensburg.fau.org\/index.php?rest_route=%2Fwp%2Fv2%2Fcomments&post=88"}],"version-history":[{"count":3,"href":"https:\/\/flensburg.fau.org\/index.php?rest_route=\/wp\/v2\/pages\/88\/revisions"}],"predecessor-version":[{"id":163,"href":"https:\/\/flensburg.fau.org\/index.php?rest_route=\/wp\/v2\/pages\/88\/revisions\/163"}],"wp:attachment":[{"href":"https:\/\/flensburg.fau.org\/index.php?rest_route=%2Fwp%2Fv2%2Fmedia&parent=88"}],"curies":[{"name":"wp","href":"https:\/\/api.w.org\/{rel}","templated":true}]}}